{"id":625,"date":"2023-12-03T19:02:06","date_gmt":"2023-12-03T19:02:06","guid":{"rendered":"http:\/\/avamed.czest.pl\/?page_id=625"},"modified":"2023-12-03T20:10:53","modified_gmt":"2023-12-03T20:10:53","slug":"prawo-do-swiadczen-poza-kolejnoscia","status":"publish","type":"page","link":"http:\/\/avamed.czest.pl\/?page_id=625","title":{"rendered":"PRAWO DO \u015aWIADCZE\u0143 POZA KOLEJNO\u015aCI\u0104"},"content":{"rendered":"\n<h2 class=\"wp-block-heading has-text-align-center\">Uprawnienia do korzystania ze \u015bwiadcze\u0144 opieki zdrowotnej poza kolejno\u015bci\u0105 posiadaj\u0105:<\/h2>\n\n\n\n<ul>\n<li>zas\u0142u\u017ceni Honorowi Dawcy Krwi i Zas\u0142u\u017ceni Dawcy Przeszczepu,<\/li>\n\n\n\n<li>dawcy krwi , kt\u00f3rzy oddali co najmniej 3 donacje krwi lub jej sk\u0142adnik\u00f3w, w tym osocza po chorobie COVID-19- na podstawie za\u015bwiadczenia,<\/li>\n\n\n\n<li>inwalidzi wojenni i wojskowi oraz kombatanci,<\/li>\n\n\n\n<li>uprawnieni \u017co\u0142nierze i pracownicy oraz weterani poszkodowani, kt\u00f3rych ustalony uszczerbek na zdrowiu wynosi co najmniej 30%,<\/li>\n\n\n\n<li>kobiety w ci\u0105\u017cy,<\/li>\n\n\n\n<li>\u015bwiadczeniobiorcy do 18 r.\u017c., u kt\u00f3rych stwierdzono ci\u0119\u017cki i nieodwracalne upo\u015bledzenie albo nieuleczaln\u0105 chorob\u0119 zagra\u017caj\u0105c\u0105 \u017cyciu, kt\u00f3re powsta\u0142y w prenatalnym okresie rozwoju dziecka lub w czasie porodu,<\/li>\n\n\n\n<li>dzia\u0142acze opozycji antykomunistycznej i osoby represjonowane z powod\u00f3w politycznych,<\/li>\n\n\n\n<li>osoby posiadaj\u0105ce orzeczenie o znacznym stopniu niepe\u0142nosprawno\u015bci lub orzeczenie o niepe\u0142nosprawno\u015bci ze wskazaniem konieczno\u015bci sta\u0142ej lub d\u0142ugotrwa\u0142ej opieki lub pomocy innej osoby,<\/li>\n\n\n\n<li>osoby deportowane do pracy przymusowej oraz osadzone w obozach pracy przez III Rzesz\u0119 i Zwi\u0105zek Socjalistycznych Republik Radzieckich,<\/li>\n\n\n\n<li>\u017co\u0142nierze zast\u0119pczej s\u0142u\u017cby wojskowej<\/li>\n\n\n\n<li>cywilne niewidome ofiary dzia\u0142a\u0144 wojennych,<\/li>\n\n\n\n<li>\u017co\u0142nierze zawodowi w przypadku korzystania ze \u015bwiadcze\u0144 w podmiotach leczniczych, dla kt\u00f3rych podmiotem tworz\u0105cym jest Minister Obrony Narodowej, oraz przez niego nadzorowanych,<\/li>\n\n\n\n<li>\u017co\u0142nierze pe\u0142ni\u0105cy terytorialn\u0105 s\u0142u\u017cb\u0119 wojskow\u0105 w przypadku korzystania ze \u015bwiadcze\u0144 w podmiotach leczniczych, dla kt\u00f3rych podmiotem tworz\u0105cym jest Minister Obrony Narodowej, oraz przez niego nadzorowanych (od 23.04.2022<\/li>\n<\/ul>\n\n\n\n<h2 class=\"wp-block-heading has-text-align-center\">Korzystanie poza kolejno\u015bci\u0105 ze \u015bwiadcze\u0144 opieki zdrowotnej w szpitalach oraz ze \u015bwiadcze\u0144 specjalistycznych w ambulatoryjnej opiece zdrowotnej oznacza, \u017ce:<\/h2>\n\n\n\n<ul>\n<li>\u015bwiadczeniodawca udziela tych \u015bwiadcze\u0144 poza kolejno\u015bci\u0105 przyj\u0119\u0107 wynikaj\u0105c\u0105 z prowadzonej przez niego listy oczekuj\u0105cych,<\/li>\n\n\n\n<li>\u015bwiadczeniodawca udziela tych \u015bwiadcze\u0144 w dniu zg\u0142oszenia,<\/li>\n\n\n\n<li>w przypadku gdy udzielenie \u015bwiadczenia nie jest mo\u017cliwe w dniu zg\u0142oszenia, \u015bwiadczeniodawca wyznacza inny termin poza kolejno\u015bci\u0105 przyj\u0119\u0107 wynikaj\u0105c\u0105 z prowadzonej przez niego listy oczekuj\u0105cych,<\/li>\n\n\n\n<li>\u015bwiadczenie z zakresu ambulatoryjnej opieki specjalistycznej nie mo\u017ce by\u0107 udzielone w terminie p\u00f3\u017aniejszym ni\u017c w ci\u0105gu 7 dni roboczych od dnia zg\u0142oszenia.<\/li>\n<\/ul>\n\n\n\n<blockquote class=\"wp-block-quote\">\n<p><strong>Osoby uprawnione korzystaj\u0105 ze \u015bwiadcze\u0144 opieki zdrowotnej po okazaniu w\u0142a\u015bciwego dokumentu potwierdzaj\u0105cego uprawnienia.<\/strong><\/p>\n<\/blockquote>\n\n\n\n<figure class=\"wp-block-pullquote\"><blockquote><p>Osoby wpisane na krajowe listy os\u00f3b oczekuj\u0105cych na przeszczepienie kom\u00f3rek, tkanek i narz\u0105d\u00f3w, zgodnie z przepisami o pobieraniu i przeszczepianiu kom\u00f3rek, tkanek i narz\u0105d\u00f3w (art. 24) korzystaj\u0105 poza kolejno\u015bci\u0105 ze \u015bwiadcze\u0144 opieki zdrowotnej w zakresie przeszczep\u00f3w. Dawcy Przeszczepu maj\u0105 prawo do korzystania poza kolejno\u015bci\u0105 z ambulatoryjnej opieki zdrowotnej. PREZES<\/p><\/blockquote><\/figure>\n\n\n\n<p>Podstawa prawna: Ustawa o \u015bwiadczeniach opieki zdrowotnej finansowanych ze \u015brodk\u00f3w publicznych<\/p>\n","protected":false},"excerpt":{"rendered":"<p>Uprawnienia do korzystania ze \u015bwiadcze\u0144 opieki zdrowotnej poza kolejno\u015bci\u0105 posiadaj\u0105: Korzystanie poza kolejno\u015bci\u0105 ze \u015bwiadcze\u0144 opieki zdrowotnej w szpitalach oraz ze \u015bwiadcze\u0144 specjalistycznych w ambulatoryjnej opiece zdrowotnej oznacza, \u017ce: Osoby uprawnione korzystaj\u0105 ze \u015bwiadcze\u0144 opieki zdrowotnej po okazaniu w\u0142a\u015bciwego dokumentu potwierdzaj\u0105cego uprawnienia. Osoby wpisane na krajowe listy os\u00f3b oczekuj\u0105cych na przeszczepienie kom\u00f3rek, tkanek i narz\u0105d\u00f3w, [&hellip;]<\/p>\n","protected":false},"author":1,"featured_media":0,"parent":0,"menu_order":0,"comment_status":"closed","ping_status":"closed","template":"","meta":{"_mi_skip_tracking":false},"yoast_head":"<!-- This site is optimized with the Yoast SEO plugin v20.3 - https:\/\/yoast.com\/wordpress\/plugins\/seo\/ -->\n<title>PRAWO DO \u015aWIADCZE\u0143 POZA KOLEJNO\u015aCI\u0104 - Avamed<\/title>\n<meta name=\"robots\" content=\"index, follow, max-snippet:-1, max-image-preview:large, max-video-preview:-1\" \/>\n<link rel=\"canonical\" href=\"http:\/\/avamed.czest.pl\/?page_id=625\" \/>\n<meta property=\"og:locale\" content=\"pl_PL\" \/>\n<meta property=\"og:type\" content=\"article\" \/>\n<meta property=\"og:title\" content=\"PRAWO DO \u015aWIADCZE\u0143 POZA KOLEJNO\u015aCI\u0104 - Avamed\" \/>\n<meta property=\"og:description\" content=\"Uprawnienia do korzystania ze \u015bwiadcze\u0144 opieki zdrowotnej poza kolejno\u015bci\u0105 posiadaj\u0105: Korzystanie poza kolejno\u015bci\u0105 ze \u015bwiadcze\u0144 opieki zdrowotnej w szpitalach oraz ze \u015bwiadcze\u0144 specjalistycznych w ambulatoryjnej opiece zdrowotnej oznacza, \u017ce: Osoby uprawnione korzystaj\u0105 ze \u015bwiadcze\u0144 opieki zdrowotnej po okazaniu w\u0142a\u015bciwego dokumentu potwierdzaj\u0105cego uprawnienia. Osoby wpisane na krajowe listy os\u00f3b oczekuj\u0105cych na przeszczepienie kom\u00f3rek, tkanek i narz\u0105d\u00f3w, [&hellip;]\" \/>\n<meta property=\"og:url\" content=\"http:\/\/avamed.czest.pl\/?page_id=625\" \/>\n<meta property=\"og:site_name\" content=\"Avamed\" \/>\n<meta property=\"article:modified_time\" content=\"2023-12-03T20:10:53+00:00\" \/>\n<meta name=\"twitter:card\" content=\"summary_large_image\" \/>\n<meta name=\"twitter:label1\" content=\"Szacowany czas czytania\" \/>\n\t<meta name=\"twitter:data1\" content=\"3 minuty\" \/>\n<script type=\"application\/ld+json\" class=\"yoast-schema-graph\">{\"@context\":\"https:\/\/schema.org\",\"@graph\":[{\"@type\":\"WebPage\",\"@id\":\"http:\/\/avamed.czest.pl\/?page_id=625\",\"url\":\"http:\/\/avamed.czest.pl\/?page_id=625\",\"name\":\"PRAWO DO \u015aWIADCZE\u0143 POZA KOLEJNO\u015aCI\u0104 - Avamed\",\"isPartOf\":{\"@id\":\"http:\/\/avamed.czest.pl\/#website\"},\"datePublished\":\"2023-12-03T19:02:06+00:00\",\"dateModified\":\"2023-12-03T20:10:53+00:00\",\"breadcrumb\":{\"@id\":\"http:\/\/avamed.czest.pl\/?page_id=625#breadcrumb\"},\"inLanguage\":\"pl-PL\",\"potentialAction\":[{\"@type\":\"ReadAction\",\"target\":[\"http:\/\/avamed.czest.pl\/?page_id=625\"]}]},{\"@type\":\"BreadcrumbList\",\"@id\":\"http:\/\/avamed.czest.pl\/?page_id=625#breadcrumb\",\"itemListElement\":[{\"@type\":\"ListItem\",\"position\":1,\"name\":\"Strona g\u0142\u00f3wna\",\"item\":\"http:\/\/avamed.czest.pl\/\"},{\"@type\":\"ListItem\",\"position\":2,\"name\":\"PRAWO DO \u015aWIADCZE\u0143 POZA KOLEJNO\u015aCI\u0104\"}]},{\"@type\":\"WebSite\",\"@id\":\"http:\/\/avamed.czest.pl\/#website\",\"url\":\"http:\/\/avamed.czest.pl\/\",\"name\":\"Avamed\",\"description\":\"Przychodnia Zdrowia Avamed Cz\u0119stochowa\",\"potentialAction\":[{\"@type\":\"SearchAction\",\"target\":{\"@type\":\"EntryPoint\",\"urlTemplate\":\"http:\/\/avamed.czest.pl\/?s={search_term_string}\"},\"query-input\":\"required name=search_term_string\"}],\"inLanguage\":\"pl-PL\"}]}<\/script>\n<!-- \/ Yoast SEO plugin. -->","yoast_head_json":{"title":"PRAWO DO \u015aWIADCZE\u0143 POZA KOLEJNO\u015aCI\u0104 - Avamed","robots":{"index":"index","follow":"follow","max-snippet":"max-snippet:-1","max-image-preview":"max-image-preview:large","max-video-preview":"max-video-preview:-1"},"canonical":"http:\/\/avamed.czest.pl\/?page_id=625","og_locale":"pl_PL","og_type":"article","og_title":"PRAWO DO \u015aWIADCZE\u0143 POZA KOLEJNO\u015aCI\u0104 - Avamed","og_description":"Uprawnienia do korzystania ze \u015bwiadcze\u0144 opieki zdrowotnej poza kolejno\u015bci\u0105 posiadaj\u0105: Korzystanie poza kolejno\u015bci\u0105 ze \u015bwiadcze\u0144 opieki zdrowotnej w szpitalach oraz ze \u015bwiadcze\u0144 specjalistycznych w ambulatoryjnej opiece zdrowotnej oznacza, \u017ce: Osoby uprawnione korzystaj\u0105 ze \u015bwiadcze\u0144 opieki zdrowotnej po okazaniu w\u0142a\u015bciwego dokumentu potwierdzaj\u0105cego uprawnienia. Osoby wpisane na krajowe listy os\u00f3b oczekuj\u0105cych na przeszczepienie kom\u00f3rek, tkanek i narz\u0105d\u00f3w, [&hellip;]","og_url":"http:\/\/avamed.czest.pl\/?page_id=625","og_site_name":"Avamed","article_modified_time":"2023-12-03T20:10:53+00:00","twitter_card":"summary_large_image","twitter_misc":{"Szacowany czas czytania":"3 minuty"},"schema":{"@context":"https:\/\/schema.org","@graph":[{"@type":"WebPage","@id":"http:\/\/avamed.czest.pl\/?page_id=625","url":"http:\/\/avamed.czest.pl\/?page_id=625","name":"PRAWO DO \u015aWIADCZE\u0143 POZA KOLEJNO\u015aCI\u0104 - Avamed","isPartOf":{"@id":"http:\/\/avamed.czest.pl\/#website"},"datePublished":"2023-12-03T19:02:06+00:00","dateModified":"2023-12-03T20:10:53+00:00","breadcrumb":{"@id":"http:\/\/avamed.czest.pl\/?page_id=625#breadcrumb"},"inLanguage":"pl-PL","potentialAction":[{"@type":"ReadAction","target":["http:\/\/avamed.czest.pl\/?page_id=625"]}]},{"@type":"BreadcrumbList","@id":"http:\/\/avamed.czest.pl\/?page_id=625#breadcrumb","itemListElement":[{"@type":"ListItem","position":1,"name":"Strona g\u0142\u00f3wna","item":"http:\/\/avamed.czest.pl\/"},{"@type":"ListItem","position":2,"name":"PRAWO DO \u015aWIADCZE\u0143 POZA KOLEJNO\u015aCI\u0104"}]},{"@type":"WebSite","@id":"http:\/\/avamed.czest.pl\/#website","url":"http:\/\/avamed.czest.pl\/","name":"Avamed","description":"Przychodnia Zdrowia Avamed Cz\u0119stochowa","potentialAction":[{"@type":"SearchAction","target":{"@type":"EntryPoint","urlTemplate":"http:\/\/avamed.czest.pl\/?s={search_term_string}"},"query-input":"required name=search_term_string"}],"inLanguage":"pl-PL"}]}},"_links":{"self":[{"href":"http:\/\/avamed.czest.pl\/index.php?rest_route=\/wp\/v2\/pages\/625"}],"collection":[{"href":"http:\/\/avamed.czest.pl\/index.php?rest_route=\/wp\/v2\/pages"}],"about":[{"href":"http:\/\/avamed.czest.pl\/index.php?rest_route=\/wp\/v2\/types\/page"}],"author":[{"embeddable":true,"href":"http:\/\/avamed.czest.pl\/index.php?rest_route=\/wp\/v2\/users\/1"}],"replies":[{"embeddable":true,"href":"http:\/\/avamed.czest.pl\/index.php?rest_route=%2Fwp%2Fv2%2Fcomments&post=625"}],"version-history":[{"count":2,"href":"http:\/\/avamed.czest.pl\/index.php?rest_route=\/wp\/v2\/pages\/625\/revisions"}],"predecessor-version":[{"id":645,"href":"http:\/\/avamed.czest.pl\/index.php?rest_route=\/wp\/v2\/pages\/625\/revisions\/645"}],"wp:attachment":[{"href":"http:\/\/avamed.czest.pl\/index.php?rest_route=%2Fwp%2Fv2%2Fmedia&parent=625"}],"curies":[{"name":"wp","href":"https:\/\/api.w.org\/{rel}","templated":true}]}}