{"id":654,"date":"2023-12-03T20:31:07","date_gmt":"2023-12-03T20:31:07","guid":{"rendered":"http:\/\/avamed.czest.pl\/?page_id=654"},"modified":"2023-12-03T20:31:08","modified_gmt":"2023-12-03T20:31:08","slug":"program-profilaktyki-pierwotnej-realizowany-w-nzozavamed","status":"publish","type":"page","link":"http:\/\/avamed.czest.pl\/?page_id=654","title":{"rendered":"Program profilaktyki pierwotnej realizowany w NZOZ,,AVAMED\u201d"},"content":{"rendered":"\n<h2 class=\"wp-block-heading\"><strong>PROGRAM PROFILAKTYKI GRU\u0179LICY<\/strong><\/h2>\n\n\n\n<p><strong>Gru\u017alica jest chorob\u0105 zaka\u017an\u0105, kt\u00f3ra mo\u017ce dotkn\u0105\u0107 ka\u017cdego z nas. Cz\u0119sto bywa wykrywana<br>przypadkowo. Dlatego ju\u017c dzi\u015b sprawd\u017a czy ryzyko zachorowania na ni\u0105 dotyczy r\u00f3wnie\u017c Ciebie<\/strong><\/p>\n\n\n\n<p><br>Gru\u017alica jest bakteryjn\u0105 chorob\u0105 zaka\u017an\u0105, wywo\u0142ywan\u0105 przez pr\u0105tki gru\u017alicy.<br>Nale\u017cy do grupy chor\u00f3b spo\u0142ecznych zwi\u0105zanych z warunkami \u017cycia (mieszkanie, od\u017cywianie, wypoczynek) oraz pracy. Im s\u0105 one gorsze, tym \u0142atwiej o rozw\u00f3j choroby. Do zachorowania osoby zara\u017conej mo\u017ce doj\u015b\u0107 na skutek os\u0142abienia odporno\u015bci organizmu spowodowanej np. niedo\u017cywieniem czy bardzo z\u0142ymi warunkami mieszkaniowymi.<\/p>\n\n\n\n<p>Do czynnik\u00f3w wewn\u0119trznych sprzyjaj\u0105cych zachorowaniu na gru\u017alic\u0119 nale\u017c\u0105: zaka\u017cenie wirusem HIV, cukrzyca, choroby nowotworowe, choroby krwi, schy\u0142kowa niewydolno\u015b\u0107 nerek, leczenie immunosupresyjne, pylica p\u0142uc, leczenie sterydami przez okres d\u0142u\u017cszy ni\u017c 3 tygodnie w dawce powy\u017cej 15 mg\/dob\u0119 oraz szybka utrata masy cia\u0142a.<\/p>\n\n\n\n<h2 class=\"wp-block-heading\"><strong>CZY PROGRAM JEST DLA CIEBIE?<\/strong><\/h2>\n\n\n\n<p>Tak, je\u017celi:<\/p>\n\n\n\n<p>jeste\u015b osob\u0105 doros\u0142\u0105, u kt\u00f3rej dotychczas nie rozpoznano gru\u017alicy, ale mia\u0142a bezpo\u015bredni kontakt z chorym na gru\u017alic\u0119. Albo jeste\u015b osob\u0105, u kt\u00f3rej stwierdzono przynajmniej jeden z nast\u0119puj\u0105cych czynnik\u00f3w ryzyka:<\/p>\n\n\n\n<ul>\n<li><img decoding=\"async\" loading=\"lazy\" width=\"4\" height=\"4\" src=\"\">\u00a0bezrobocie<\/li>\n\n\n\n<li><img decoding=\"async\" loading=\"lazy\" width=\"4\" height=\"4\" src=\"\">\u00a0bezdomno\u015b\u0107<\/li>\n\n\n\n<li><img decoding=\"async\" loading=\"lazy\" width=\"4\" height=\"4\" src=\"\">\u00a0niepe\u0142nosprawno\u015b\u0107<\/li>\n\n\n\n<li><img decoding=\"async\" loading=\"lazy\" width=\"4\" height=\"4\" src=\"\">\u00a0obci\u0105\u017cenie d\u0142ugotrwa\u0142\u0105\u00a0<\/li>\n\n\n\n<li>\u00a0 chorob\u0105<\/li>\n\n\n\n<li><img decoding=\"async\" loading=\"lazy\" width=\"4\" height=\"4\" src=\"\">\u00a0uzale\u017cnienie od alkoholu<\/li>\n\n\n\n<li>\u00a0 lub narkotyk\u00f3w.<\/li>\n<\/ul>\n\n\n\n<p>Programem obj\u0119te s\u0105 osoby, kt\u00f3re dokona\u0142y wyboru piel\u0119gniarki podstawowej opieki zdrowotnej<br>i samodzielnie zg\u0142osz\u0105 si\u0119 do gabinetu piel\u0119gniarki.<br><br><\/p>\n\n\n\n<h2 class=\"wp-block-heading\"><strong>CEL PROGRAMU<\/strong><\/h2>\n\n\n\n<ul>\n<li><img decoding=\"async\" loading=\"lazy\" width=\"4\" height=\"4\" src=\"\">\u00a0zmniejszenie wska\u017anika zachorowalno\u015bci na gru\u017alic\u0119<\/li>\n\n\n\n<li>\u00a0<img decoding=\"async\" loading=\"lazy\" width=\"4\" height=\"4\" src=\"\">\u00a0obj\u0119cie wczesn\u0105 opiek\u0105 \u015bwiadczeniobiorc\u00f3w chorych na gru\u017alic\u0119<\/li>\n\n\n\n<li><img decoding=\"async\" loading=\"lazy\" width=\"4\" height=\"4\" src=\"\">\u00a0zmniejszenie wska\u017anika \u015bmiertelno\u015bci na gru\u017alic\u0119<\/li>\n\n\n\n<li><img decoding=\"async\" loading=\"lazy\" width=\"4\" height=\"4\" src=\"\">\u00a0podniesienie \u015bwiadomo\u015bci spo\u0142ecznej poprzez edukacj\u0119 zdrowotn\u0105<\/li>\n\n\n\n<li><img decoding=\"async\" loading=\"lazy\" width=\"4\" height=\"4\" src=\"\">\u00a0zwi\u0119kszenie dost\u0119pno\u015bci do \u015bwiadcze\u0144 piel\u0119gniarki \u015brodowiskowej oraz poradni specjalistycznych \u2013 gru\u017alicy i chor\u00f3b p\u0142uc.<\/li>\n<\/ul>\n\n\n\n<h2 class=\"wp-block-heading\"><strong>CO CI\u0118 CZEKA W RAMACH PROGRAMU?<\/strong><\/h2>\n\n\n\n<p>Piel\u0119gniarka POZ przeprowadzi z Tob\u0105 wywiad zdrowotny, wype\u0142ni ankiet\u0119,<br>a nast\u0119pnie przeprowadzi edukacj\u0119 zdrowotn\u0105.<\/p>\n\n\n\n<p>Je\u017celi w ankiecie uzyskasz:<\/p>\n\n\n\n<ul>\n<li><img decoding=\"async\" loading=\"lazy\" width=\"4\" height=\"4\" src=\"\">\u00a010\u201324 punkt\u00f3w, to jeste\u015b osob\u0105 z grupy podwy\u017cszonego ryzyka zachorowania.<\/li>\n\n\n\n<li>Piel\u0119gniarka POZ przeka\u017ce pisemn\u0105 informacj\u0119 o wynikach przeprowadzonej ankiety Twojemu lekarzowi POZ. Wska\u017ce Ci tryb dalszego post\u0119powania, m.in. konieczno\u015b\u0107 zg\u0142oszenia si\u0119 do lekarza POZ celem dalszej oceny stanu zdrowia.<\/li>\n\n\n\n<li><img decoding=\"async\" loading=\"lazy\" width=\"4\" height=\"4\" src=\"\">\u00a01\u20139 punkt\u00f3w, to jeste\u015b osob\u0105 z grupy umiarkowanego ryzyka zachorowania.<\/li>\n<\/ul>\n\n\n\n<p>Piel\u0119gniarka POZ nie zakwalifikuje Ci\u0119 do dalszej diagnostyki. Kolejny raz mo\u017cesz wzi\u0105\u0107 udzia\u0142 w ankiecie po 24 miesi\u0105cach od daty ostatniego badania.<\/p>\n\n\n\n<h2 class=\"wp-block-heading\"><strong>CO PRZYGOTOWA\u0106?<\/strong><\/h2>\n\n\n\n<p>Na wizyt\u0119 wystarczy przynie\u015b\u0107 dokument to\u017csamo\u015bci.<\/p>\n\n\n\n<p>Aby wzi\u0105\u0107 udzia\u0142 w programie musisz z\u0142o\u017cy\u0107 pisemne o\u015bwiadczenie, \u017ce w ci\u0105gu ostatnich 24 miesi\u0119cy nie uczestniczy\u0142e\u015b w badaniu ankietowym piel\u0119gniarki POZ w programie profilaktyki gru\u017alicy (tak\u017ce w innych poradniach).<\/p>\n\n\n\n<h2 class=\"wp-block-heading\"><strong>JAK D\u0141UGO B\u0118DZIESZ CZEKA\u0106?<\/strong><\/h2>\n\n\n\n<p>Termin przeprowadzenia ankiety ustala bezpo\u015brednio piel\u0119gniarka POZ, kt\u00f3ra b\u0119dzie udziela\u0142a \u015bwiadczenia.<\/p>\n\n\n\n<h2 class=\"wp-block-heading\"><strong>CO ZYSKASZ?<\/strong><\/h2>\n\n\n\n<p>Podniesiesz swoj\u0105 \u015bwiadomo\u015b\u0107 na temat gru\u017alicy, a je\u017celi zostaniesz zakwalifikowany do grupy najwi\u0119kszego ryzyka, b\u0119dziesz mia\u0142 zapewnion\u0105 opiek\u0119 lekarsk\u0105 ju\u017c na wczesnym etapie choroby oraz zwi\u0119kszon\u0105 dost\u0119pno\u015bci do \u015bwiadcze\u0144 piel\u0119gniarki \u015brodowiskowej oraz poradni specjalistycznych \u2013 gru\u017alicy i chor\u00f3b p\u0142uc.<\/p>\n\n\n\n<h2 class=\"wp-block-heading has-text-align-center\"><strong>PROGRAM PROFILAKTYKI GRU\u0179LICY REALIZOWANY JEST PRZEZ WSZYSTKIE PIEL\u0118GNIARKI POZ.<\/strong><\/h2>\n","protected":false},"excerpt":{"rendered":"<p>PROGRAM PROFILAKTYKI GRU\u0179LICY Gru\u017alica jest chorob\u0105 zaka\u017an\u0105, kt\u00f3ra mo\u017ce dotkn\u0105\u0107 ka\u017cdego z nas. Cz\u0119sto bywa wykrywanaprzypadkowo. Dlatego ju\u017c dzi\u015b sprawd\u017a czy ryzyko zachorowania na ni\u0105 dotyczy r\u00f3wnie\u017c Ciebie Gru\u017alica jest bakteryjn\u0105 chorob\u0105 zaka\u017an\u0105, wywo\u0142ywan\u0105 przez pr\u0105tki gru\u017alicy.Nale\u017cy do grupy chor\u00f3b spo\u0142ecznych zwi\u0105zanych z warunkami \u017cycia (mieszkanie, od\u017cywianie, wypoczynek) oraz pracy. Im s\u0105 one gorsze, tym [&hellip;]<\/p>\n","protected":false},"author":1,"featured_media":0,"parent":0,"menu_order":0,"comment_status":"closed","ping_status":"closed","template":"","meta":{"_mi_skip_tracking":false},"yoast_head":"<!-- This site is optimized with the Yoast SEO plugin v20.3 - https:\/\/yoast.com\/wordpress\/plugins\/seo\/ -->\n<title>Program profilaktyki pierwotnej realizowany w NZOZ,,AVAMED\u201d - Avamed<\/title>\n<meta name=\"robots\" content=\"index, follow, max-snippet:-1, max-image-preview:large, max-video-preview:-1\" \/>\n<link rel=\"canonical\" href=\"http:\/\/avamed.czest.pl\/?page_id=654\" \/>\n<meta property=\"og:locale\" content=\"pl_PL\" \/>\n<meta property=\"og:type\" content=\"article\" \/>\n<meta property=\"og:title\" content=\"Program profilaktyki pierwotnej realizowany w NZOZ,,AVAMED\u201d - Avamed\" \/>\n<meta property=\"og:description\" content=\"PROGRAM PROFILAKTYKI GRU\u0179LICY Gru\u017alica jest chorob\u0105 zaka\u017an\u0105, kt\u00f3ra mo\u017ce dotkn\u0105\u0107 ka\u017cdego z nas. Cz\u0119sto bywa wykrywanaprzypadkowo. Dlatego ju\u017c dzi\u015b sprawd\u017a czy ryzyko zachorowania na ni\u0105 dotyczy r\u00f3wnie\u017c Ciebie Gru\u017alica jest bakteryjn\u0105 chorob\u0105 zaka\u017an\u0105, wywo\u0142ywan\u0105 przez pr\u0105tki gru\u017alicy.Nale\u017cy do grupy chor\u00f3b spo\u0142ecznych zwi\u0105zanych z warunkami \u017cycia (mieszkanie, od\u017cywianie, wypoczynek) oraz pracy. Im s\u0105 one gorsze, tym [&hellip;]\" \/>\n<meta property=\"og:url\" content=\"http:\/\/avamed.czest.pl\/?page_id=654\" \/>\n<meta property=\"og:site_name\" content=\"Avamed\" \/>\n<meta property=\"article:modified_time\" content=\"2023-12-03T20:31:08+00:00\" \/>\n<meta name=\"twitter:card\" content=\"summary_large_image\" \/>\n<meta name=\"twitter:label1\" content=\"Szacowany czas czytania\" \/>\n\t<meta name=\"twitter:data1\" content=\"5 minut\" \/>\n<script type=\"application\/ld+json\" class=\"yoast-schema-graph\">{\"@context\":\"https:\/\/schema.org\",\"@graph\":[{\"@type\":\"WebPage\",\"@id\":\"http:\/\/avamed.czest.pl\/?page_id=654\",\"url\":\"http:\/\/avamed.czest.pl\/?page_id=654\",\"name\":\"Program profilaktyki pierwotnej realizowany w NZOZ,,AVAMED\u201d - Avamed\",\"isPartOf\":{\"@id\":\"http:\/\/avamed.czest.pl\/#website\"},\"datePublished\":\"2023-12-03T20:31:07+00:00\",\"dateModified\":\"2023-12-03T20:31:08+00:00\",\"breadcrumb\":{\"@id\":\"http:\/\/avamed.czest.pl\/?page_id=654#breadcrumb\"},\"inLanguage\":\"pl-PL\",\"potentialAction\":[{\"@type\":\"ReadAction\",\"target\":[\"http:\/\/avamed.czest.pl\/?page_id=654\"]}]},{\"@type\":\"BreadcrumbList\",\"@id\":\"http:\/\/avamed.czest.pl\/?page_id=654#breadcrumb\",\"itemListElement\":[{\"@type\":\"ListItem\",\"position\":1,\"name\":\"Strona g\u0142\u00f3wna\",\"item\":\"http:\/\/avamed.czest.pl\/\"},{\"@type\":\"ListItem\",\"position\":2,\"name\":\"Program profilaktyki pierwotnej realizowany w NZOZ,,AVAMED\u201d\"}]},{\"@type\":\"WebSite\",\"@id\":\"http:\/\/avamed.czest.pl\/#website\",\"url\":\"http:\/\/avamed.czest.pl\/\",\"name\":\"Avamed\",\"description\":\"Przychodnia Zdrowia Avamed Cz\u0119stochowa\",\"potentialAction\":[{\"@type\":\"SearchAction\",\"target\":{\"@type\":\"EntryPoint\",\"urlTemplate\":\"http:\/\/avamed.czest.pl\/?s={search_term_string}\"},\"query-input\":\"required name=search_term_string\"}],\"inLanguage\":\"pl-PL\"}]}<\/script>\n<!-- \/ Yoast SEO plugin. -->","yoast_head_json":{"title":"Program profilaktyki pierwotnej realizowany w NZOZ,,AVAMED\u201d - Avamed","robots":{"index":"index","follow":"follow","max-snippet":"max-snippet:-1","max-image-preview":"max-image-preview:large","max-video-preview":"max-video-preview:-1"},"canonical":"http:\/\/avamed.czest.pl\/?page_id=654","og_locale":"pl_PL","og_type":"article","og_title":"Program profilaktyki pierwotnej realizowany w NZOZ,,AVAMED\u201d - Avamed","og_description":"PROGRAM PROFILAKTYKI GRU\u0179LICY Gru\u017alica jest chorob\u0105 zaka\u017an\u0105, kt\u00f3ra mo\u017ce dotkn\u0105\u0107 ka\u017cdego z nas. Cz\u0119sto bywa wykrywanaprzypadkowo. Dlatego ju\u017c dzi\u015b sprawd\u017a czy ryzyko zachorowania na ni\u0105 dotyczy r\u00f3wnie\u017c Ciebie Gru\u017alica jest bakteryjn\u0105 chorob\u0105 zaka\u017an\u0105, wywo\u0142ywan\u0105 przez pr\u0105tki gru\u017alicy.Nale\u017cy do grupy chor\u00f3b spo\u0142ecznych zwi\u0105zanych z warunkami \u017cycia (mieszkanie, od\u017cywianie, wypoczynek) oraz pracy. Im s\u0105 one gorsze, tym [&hellip;]","og_url":"http:\/\/avamed.czest.pl\/?page_id=654","og_site_name":"Avamed","article_modified_time":"2023-12-03T20:31:08+00:00","twitter_card":"summary_large_image","twitter_misc":{"Szacowany czas czytania":"5 minut"},"schema":{"@context":"https:\/\/schema.org","@graph":[{"@type":"WebPage","@id":"http:\/\/avamed.czest.pl\/?page_id=654","url":"http:\/\/avamed.czest.pl\/?page_id=654","name":"Program profilaktyki pierwotnej realizowany w NZOZ,,AVAMED\u201d - Avamed","isPartOf":{"@id":"http:\/\/avamed.czest.pl\/#website"},"datePublished":"2023-12-03T20:31:07+00:00","dateModified":"2023-12-03T20:31:08+00:00","breadcrumb":{"@id":"http:\/\/avamed.czest.pl\/?page_id=654#breadcrumb"},"inLanguage":"pl-PL","potentialAction":[{"@type":"ReadAction","target":["http:\/\/avamed.czest.pl\/?page_id=654"]}]},{"@type":"BreadcrumbList","@id":"http:\/\/avamed.czest.pl\/?page_id=654#breadcrumb","itemListElement":[{"@type":"ListItem","position":1,"name":"Strona g\u0142\u00f3wna","item":"http:\/\/avamed.czest.pl\/"},{"@type":"ListItem","position":2,"name":"Program profilaktyki pierwotnej realizowany w NZOZ,,AVAMED\u201d"}]},{"@type":"WebSite","@id":"http:\/\/avamed.czest.pl\/#website","url":"http:\/\/avamed.czest.pl\/","name":"Avamed","description":"Przychodnia Zdrowia Avamed Cz\u0119stochowa","potentialAction":[{"@type":"SearchAction","target":{"@type":"EntryPoint","urlTemplate":"http:\/\/avamed.czest.pl\/?s={search_term_string}"},"query-input":"required name=search_term_string"}],"inLanguage":"pl-PL"}]}},"_links":{"self":[{"href":"http:\/\/avamed.czest.pl\/index.php?rest_route=\/wp\/v2\/pages\/654"}],"collection":[{"href":"http:\/\/avamed.czest.pl\/index.php?rest_route=\/wp\/v2\/pages"}],"about":[{"href":"http:\/\/avamed.czest.pl\/index.php?rest_route=\/wp\/v2\/types\/page"}],"author":[{"embeddable":true,"href":"http:\/\/avamed.czest.pl\/index.php?rest_route=\/wp\/v2\/users\/1"}],"replies":[{"embeddable":true,"href":"http:\/\/avamed.czest.pl\/index.php?rest_route=%2Fwp%2Fv2%2Fcomments&post=654"}],"version-history":[{"count":1,"href":"http:\/\/avamed.czest.pl\/index.php?rest_route=\/wp\/v2\/pages\/654\/revisions"}],"predecessor-version":[{"id":655,"href":"http:\/\/avamed.czest.pl\/index.php?rest_route=\/wp\/v2\/pages\/654\/revisions\/655"}],"wp:attachment":[{"href":"http:\/\/avamed.czest.pl\/index.php?rest_route=%2Fwp%2Fv2%2Fmedia&parent=654"}],"curies":[{"name":"wp","href":"https:\/\/api.w.org\/{rel}","templated":true}]}}